{"id":274,"date":"2014-10-22T14:43:57","date_gmt":"2014-10-22T13:43:57","guid":{"rendered":"http:\/\/www.aphaena.com\/blog\/?page_id=274"},"modified":"2024-09-09T21:18:14","modified_gmt":"2024-09-09T19:18:14","slug":"images-de-travail","status":"publish","type":"page","link":"https:\/\/www.blog.aphaena.com\/wordpress\/?page_id=274","title":{"rendered":"Images de travail"},"content":{"rendered":"<!-- Final Tiles Grid Gallery for WordPress v3.6.13 free -->\n\n<style>\n#ftg-1414 .tile .icon { color:#ffffff; }\n#ftg-1414 .ftg-items .loading-bar i { background:#666; }\n#ftg-1414 .ftg-items .loading-bar { background:#fff; }\n#ftg-1414 .tile .icon { font-size:50px; }\n#ftg-1414 .tile .icon { margin: -25px 0 0 -25px; }\n#ftg-1414 .tile .caption-block .text-wrapper span.text { font-size:24px; }\n#ftg-1414 .tile .caption-outside .text-wrapper span.text { font-size:24px; }\n#ftg-1414 .tile .caption-block .text-wrapper span.title { font-size:14px; }\n#ftg-1414 .tile .caption-outside .text-wrapper span.title { font-size:14px; }\n#ftg-1414 .tile { background-color: transparent; }\n#ftg-1414 .tile .caption-block .text-wrapper span.text { color: #ffffff; }\n#ftg-1414 .tile .caption-block .text-wrapper span.title { color: #ffffff; }\n#ftg-1414 .tile .caption-outside .text-wrapper span.text { color: #ffffff; }\n#ftg-1414 .tile .caption-outside .text-wrapper span.title { color: #ffffff; }\n#ftg-1414 .tile .ftg-social a { color: #ffffff; }\n#ftg-1414 .tile .caption-block { transition-duration:0.25s; }\n#ftg-1414 .tile .tile-inner:before { background-color: #3b81bf; }\n#ftg-1414 .tile .tile-inner:before { background-color: rgba(59, 129, 191, 0.8); }\n#ftg-1414 .tile .caption-block, #ftg-1414 .tile .caption-outside { border-color: #ffffff; }\n#ftg-1414 .tile:hover img {\n\t-moz-transform: -moz-rotate(0deg) -moz-scale(0) ;\n\t-webkit-transform: -webkit-rotate(0deg) -webkit-scale(0) ;\n\t-o-transform: -o-rotate(0deg) -o-scale(0) ;\n\t-ms-transform: -ms-rotate(0deg) -ms-scale(0) ;\n\ttransform: rotate(0deg) scale(0) ;\n}\n<\/style>\n<a name=\"14\"><\/a><div class=\"final-tiles-gallery  ftg-hover-enabled caption-inside caption-frame caption-none caption-top caption-left\" id=\"ftg-1414\" style=\"width: 100%\">\n<div class='ftg-items'>\n<div  class='tile ftg-preload  '>\n<a title=\"Installation de packshot vid\u00e9o photo de mon entreprise Aphaena\" data-lightbox='ftg-1414' rel='ftg-1414' target='_blank' class=' tile-inner  ftg-lightbox' href='https:\/\/www.blog.aphaena.com\/wordpress\/wp-content\/uploads\/2021\/12\/2014-04-06-01.03.30-1024x576.jpg' >\n<img alt='Installation de packshot vid\u00e9o photo de mon entreprise Aphaena' class='item skip-lazy' data-class='item' data-ftg-source='https:\/\/www.blog.aphaena.com\/wordpress\/wp-content\/uploads\/2021\/12\/2014-04-06-01.03.30-1024x576.jpg' src='https:\/\/www.blog.aphaena.com\/wordpress\/wp-content\/uploads\/2021\/12\/2014-04-06-01.03.30-1024x576.jpg' width='800' height='450' \/>\n\t<span class='icon fa fa-search-plus'><\/span>\n<div class='caption-block'>\n\t<div class='text-wrapper'>\n<span class='title'>Installation de packshot vid\u00e9o photo de mon entreprise Aphaena<\/span>\n\t<\/div>\n<\/div>\n<\/a>\n<div class='ftg-social'>\n<\/div>\n<\/div>\n<div  class='tile ftg-preload  '>\n<a title=\"Drinktec Exposition avec Sidel pr\u00e9sentation d&#039;un outil de formation \u00e0 la maintenance et au Change Over sur Hololens .\n\nJe suis facile \u00e0 trouver sur la photo il n&#039;y a pas beaucoup de cheveux gris :)\" data-lightbox='ftg-1414' rel='ftg-1414' target='_blank' class=' tile-inner  ftg-lightbox' href='https:\/\/www.blog.aphaena.com\/wordpress\/wp-content\/uploads\/2021\/12\/IMG_20170915_005814-1024x683.jpg' >\n<img alt='Drinktec Exposition avec Sidel pr\u00e9sentation d&#039;un outil de formation \u00e0 la maintenance et au Change Over sur Hololens .\n\nJe suis facile \u00e0 trouver sur la photo il n&#039;y a pas beaucoup de cheveux gris :)' class='item skip-lazy' data-class='item' data-ftg-source='https:\/\/www.blog.aphaena.com\/wordpress\/wp-content\/uploads\/2021\/12\/IMG_20170915_005814-1024x683.jpg' src='https:\/\/www.blog.aphaena.com\/wordpress\/wp-content\/uploads\/2021\/12\/IMG_20170915_005814-1024x683.jpg' width='800' height='534' \/>\n\t<span class='icon fa fa-search-plus'><\/span>\n<div class='caption-block'>\n\t<div class='text-wrapper'>\n<span class='title'>Drinktec Exposition avec Sidel pr\u00e9sentation d'un outil de formation \u00e0 la maintenance et au Change Over sur Hololens .\n\nJe suis facile \u00e0 trouver sur la photo il n'y a pas beaucoup de cheveux gris \ud83d\ude42<\/span>\n\t<\/div>\n<\/div>\n<\/a>\n<div class='ftg-social'>\n<\/div>\n<\/div>\n<div  class='tile ftg-preload  '>\n<a title=\"R\u00e9alisation vid\u00e9o pour TF1, Canal plus, RTL9, Canal J\" data-lightbox='ftg-1414' rel='ftg-1414' target='_blank' class=' tile-inner  ftg-lightbox' href='https:\/\/www.blog.aphaena.com\/wordpress\/wp-content\/uploads\/2021\/12\/IMG0054.jpg' >\n<img alt='R\u00e9alisation vid\u00e9o pour TF1, Canal plus, RTL9, Canal J' class='item skip-lazy' data-class='item' data-ftg-source='https:\/\/www.blog.aphaena.com\/wordpress\/wp-content\/uploads\/2021\/12\/IMG0054.jpg' src='https:\/\/www.blog.aphaena.com\/wordpress\/wp-content\/uploads\/2021\/12\/IMG0054.jpg' width='768' height='512' \/>\n\t<span class='icon fa fa-search-plus'><\/span>\n<div class='caption-block'>\n\t<div class='text-wrapper'>\n<span class='title'>R\u00e9alisation vid\u00e9o pour TF1, Canal plus, RTL9, Canal J<\/span>\n\t<\/div>\n<\/div>\n<\/a>\n<div class='ftg-social'>\n<\/div>\n<\/div>\n<div  class='tile ftg-preload  '>\n<a title=\"Cin\u00e9ma Th\u00e9\u00e2tre sur la vie de Jacques Cartier r\u00e9alis\u00e9 avec Jacques Ledran.\nR\u00e9alisation technique et vid\u00e9o, d\u00e9cors 3D et animation 3D, acteur.\" data-lightbox='ftg-1414' rel='ftg-1414' target='_blank' class=' tile-inner  ftg-lightbox' href='https:\/\/www.blog.aphaena.com\/wordpress\/wp-content\/uploads\/2021\/12\/JacquesLedran_Sur-la-route-du-Quebec-1024x681.jpg' >\n<img alt='Cin\u00e9ma Th\u00e9\u00e2tre sur la vie de Jacques Cartier r\u00e9alis\u00e9 avec Jacques Ledran.\nR\u00e9alisation technique et vid\u00e9o, d\u00e9cors 3D et animation 3D, acteur.' class='item skip-lazy' data-class='item' data-ftg-source='https:\/\/www.blog.aphaena.com\/wordpress\/wp-content\/uploads\/2021\/12\/JacquesLedran_Sur-la-route-du-Quebec-1024x681.jpg' src='https:\/\/www.blog.aphaena.com\/wordpress\/wp-content\/uploads\/2021\/12\/JacquesLedran_Sur-la-route-du-Quebec-1024x681.jpg' width='800' height='532' \/>\n\t<span class='icon fa fa-search-plus'><\/span>\n<div class='caption-block'>\n\t<div class='text-wrapper'>\n<span class='title'>Cin\u00e9ma Th\u00e9\u00e2tre sur la vie de Jacques Cartier r\u00e9alis\u00e9 avec Jacques Ledran.\nR\u00e9alisation technique et vid\u00e9o, d\u00e9cors 3D et animation 3D, acteur.<\/span>\n\t<\/div>\n<\/div>\n<\/a>\n<div class='ftg-social'>\n<\/div>\n<\/div>\n<div  class='tile ftg-preload  '>\n<a title=\"Photographe de Gille Lamir\u00e9 et Yvan Bourgnon, route du rhum, Jacques Vabre , Transat Anglaise avec et divers troph\u00e9es.\" data-lightbox='ftg-1414' rel='ftg-1414' target='_blank' class=' tile-inner  ftg-lightbox' href='https:\/\/www.blog.aphaena.com\/wordpress\/wp-content\/uploads\/2024\/09\/img_66d9888eabdd3-676x1024.png' >\n<img alt='Photographe de Gille Lamir\u00e9 et Yvan Bourgnon, route du rhum, Jacques Vabre , Transat Anglaise avec et divers troph\u00e9es.' class='item skip-lazy' data-class='item' data-ftg-source='https:\/\/www.blog.aphaena.com\/wordpress\/wp-content\/uploads\/2024\/09\/img_66d9888eabdd3-676x1024.png' src='https:\/\/www.blog.aphaena.com\/wordpress\/wp-content\/uploads\/2024\/09\/img_66d9888eabdd3-676x1024.png' width='676' height='1024' \/>\n\t<span class='icon fa fa-search-plus'><\/span>\n<div class='caption-block'>\n\t<div class='text-wrapper'>\n<span class='title'>Photographe de Gille Lamir\u00e9 et Yvan Bourgnon, route du rhum, Jacques Vabre , Transat Anglaise avec et divers troph\u00e9es.<\/span>\n\t<\/div>\n<\/div>\n<\/a>\n<div class='ftg-social'>\n<\/div>\n<\/div>\n<div  class='tile ftg-preload  '>\n<a title=\"Photo de mannequins pour leurs book.\" data-lightbox='ftg-1414' rel='ftg-1414' target='_blank' class=' tile-inner  ftg-lightbox' href='https:\/\/www.blog.aphaena.com\/wordpress\/wp-content\/uploads\/2021\/12\/DSC1011_1920.jpg' >\n<img alt='Photo de mannequins pour leurs book.' class='item skip-lazy' data-class='item' data-ftg-source='https:\/\/www.blog.aphaena.com\/wordpress\/wp-content\/uploads\/2021\/12\/DSC1011_1920.jpg' src='https:\/\/www.blog.aphaena.com\/wordpress\/wp-content\/uploads\/2021\/12\/DSC1011_1920.jpg' width='1024' height='684' \/>\n\t<span class='icon fa fa-search-plus'><\/span>\n<div class='caption-block'>\n\t<div class='text-wrapper'>\n<span class='title'>Photo de mannequins pour leurs book.<\/span>\n\t<\/div>\n<\/div>\n<\/a>\n<div class='ftg-social'>\n<\/div>\n<\/div>\n<div  class='tile ftg-preload  '>\n<a title=\"R\u00e9alisation vid\u00e9o pour TF1, Canal plus, RTL9, Canal J\" data-lightbox='ftg-1414' rel='ftg-1414' target='_blank' class=' tile-inner  ftg-lightbox' href='https:\/\/www.blog.aphaena.com\/wordpress\/wp-content\/uploads\/2021\/12\/IMG0030.jpg' >\n<img alt='R\u00e9alisation vid\u00e9o pour TF1, Canal plus, RTL9, Canal J' class='item skip-lazy' data-class='item' data-ftg-source='https:\/\/www.blog.aphaena.com\/wordpress\/wp-content\/uploads\/2021\/12\/IMG0030.jpg' src='https:\/\/www.blog.aphaena.com\/wordpress\/wp-content\/uploads\/2021\/12\/IMG0030.jpg' width='768' height='512' \/>\n\t<span class='icon fa fa-search-plus'><\/span>\n<div class='caption-block'>\n\t<div class='text-wrapper'>\n<span class='title'>R\u00e9alisation vid\u00e9o pour TF1, Canal plus, RTL9, Canal J<\/span>\n\t<\/div>\n<\/div>\n<\/a>\n<div class='ftg-social'>\n<\/div>\n<\/div>\n<div  class='tile ftg-preload  '>\n<a title=\"Cin\u00e9ma Th\u00e9\u00e2tre sur la vie de Jacques Cartier r\u00e9alis\u00e9 avec Jacques Ledran.\nR\u00e9alisation technique et vid\u00e9o, d\u00e9cors 3D et animation 3D, acteur.\" data-lightbox='ftg-1414' rel='ftg-1414' target='_blank' class=' tile-inner  ftg-lightbox' href='https:\/\/www.blog.aphaena.com\/wordpress\/wp-content\/uploads\/2021\/12\/DSC_00301-1024x681.jpg' >\n<img alt='Cin\u00e9ma Th\u00e9\u00e2tre sur la vie de Jacques Cartier r\u00e9alis\u00e9 avec Jacques Ledran.\nR\u00e9alisation technique et vid\u00e9o, d\u00e9cors 3D et animation 3D, acteur.' class='item skip-lazy' data-class='item' data-ftg-source='https:\/\/www.blog.aphaena.com\/wordpress\/wp-content\/uploads\/2021\/12\/DSC_00301-1024x681.jpg' src='https:\/\/www.blog.aphaena.com\/wordpress\/wp-content\/uploads\/2021\/12\/DSC_00301-1024x681.jpg' width='800' height='532' \/>\n\t<span class='icon fa fa-search-plus'><\/span>\n<div class='caption-block'>\n\t<div class='text-wrapper'>\n<span class='title'>Cin\u00e9ma Th\u00e9\u00e2tre sur la vie de Jacques Cartier r\u00e9alis\u00e9 avec Jacques Ledran.\nR\u00e9alisation technique et vid\u00e9o, d\u00e9cors 3D et animation 3D, acteur.<\/span>\n\t<\/div>\n<\/div>\n<\/a>\n<div class='ftg-social'>\n<\/div>\n<\/div>\n<div  class='tile ftg-preload  '>\n<a title=\"Photographe de Gille Lamir\u00e9 et Yvan Bourgnon, route du rhum, Jacques Vabre , Transat Anglaise avec et divers troph\u00e9es.\" data-lightbox='ftg-1414' rel='ftg-1414' target='_blank' class=' tile-inner  ftg-lightbox' href='https:\/\/www.blog.aphaena.com\/wordpress\/wp-content\/uploads\/2024\/09\/img_66d9845509424-679x1024.png' >\n<img alt='Photographe de Gille Lamir\u00e9 et Yvan Bourgnon, route du rhum, Jacques Vabre , Transat Anglaise avec et divers troph\u00e9es.' class='item skip-lazy' data-class='item' data-ftg-source='https:\/\/www.blog.aphaena.com\/wordpress\/wp-content\/uploads\/2024\/09\/img_66d9845509424-679x1024.png' src='https:\/\/www.blog.aphaena.com\/wordpress\/wp-content\/uploads\/2024\/09\/img_66d9845509424-679x1024.png' width='679' height='1024' \/>\n\t<span class='icon fa fa-search-plus'><\/span>\n<div class='caption-block'>\n\t<div class='text-wrapper'>\n<span class='title'>Photographe de Gille Lamir\u00e9 et Yvan Bourgnon, route du rhum, Jacques Vabre , Transat Anglaise avec et divers troph\u00e9es.<\/span>\n\t<\/div>\n<\/div>\n<\/a>\n<div class='ftg-social'>\n<\/div>\n<\/div>\n<div  class='tile ftg-preload  '>\n<a title=\"Controle \u00e0 l&#039;oscilloscope d&#039;un g\u00e9n\u00e9rateur de fr\u00e9quence que j&#039;ai programm\u00e9.\" data-lightbox='ftg-1414' rel='ftg-1414' target='_blank' class=' tile-inner  ftg-lightbox' href='https:\/\/www.blog.aphaena.com\/wordpress\/wp-content\/uploads\/2021\/12\/2014-04-01-00.12.37-1024x576.jpg' >\n<img alt='Controle \u00e0 l&#039;oscilloscope d&#039;un g\u00e9n\u00e9rateur de fr\u00e9quence que j&#039;ai programm\u00e9.' class='item skip-lazy' data-class='item' data-ftg-source='https:\/\/www.blog.aphaena.com\/wordpress\/wp-content\/uploads\/2021\/12\/2014-04-01-00.12.37-1024x576.jpg' src='https:\/\/www.blog.aphaena.com\/wordpress\/wp-content\/uploads\/2021\/12\/2014-04-01-00.12.37-1024x576.jpg' width='800' height='450' \/>\n\t<span class='icon fa fa-search-plus'><\/span>\n<div class='caption-block'>\n\t<div class='text-wrapper'>\n<span class='title'>Controle \u00e0 l'oscilloscope d'un g\u00e9n\u00e9rateur de fr\u00e9quence que j'ai programm\u00e9.<\/span>\n\t<\/div>\n<\/div>\n<\/a>\n<div class='ftg-social'>\n<\/div>\n<\/div>\n<div  class='tile ftg-preload  '>\n<a title=\"Orange: D\u00e9veloppement d&#039;une application HoloLens complexe.   r\u00e9alisation du premier travelling holographique.\" data-lightbox='ftg-1414' rel='ftg-1414' target='_blank' class=' tile-inner  ftg-lightbox' href='https:\/\/www.blog.aphaena.com\/wordpress\/wp-content\/uploads\/2021\/12\/IMG_0124-768x1024.jpg' >\n<img alt='Orange: D\u00e9veloppement d&#039;une application HoloLens complexe.   r\u00e9alisation du premier travelling holographique.' class='item skip-lazy' data-class='item' data-ftg-source='https:\/\/www.blog.aphaena.com\/wordpress\/wp-content\/uploads\/2021\/12\/IMG_0124-768x1024.jpg' src='https:\/\/www.blog.aphaena.com\/wordpress\/wp-content\/uploads\/2021\/12\/IMG_0124-768x1024.jpg' width='768' height='1024' \/>\n\t<span class='icon fa fa-search-plus'><\/span>\n<div class='caption-block'>\n\t<div class='text-wrapper'>\n<span class='title'>Orange: D\u00e9veloppement d'une application HoloLens complexe.   r\u00e9alisation du premier travelling holographique.<\/span>\n\t<\/div>\n<\/div>\n<\/a>\n<div class='ftg-social'>\n<\/div>\n<\/div>\n<div  class='tile ftg-preload  '>\n<a title=\"Un bureau IDG Communication \u00e0 la D\u00e9fense dans la tour Citybank\" data-lightbox='ftg-1414' rel='ftg-1414' target='_blank' class=' tile-inner  ftg-lightbox' href='https:\/\/www.blog.aphaena.com\/wordpress\/wp-content\/uploads\/2021\/12\/IMG0009.jpg' >\n<img alt='Un bureau IDG Communication \u00e0 la D\u00e9fense dans la tour Citybank' class='item skip-lazy' data-class='item' data-ftg-source='https:\/\/www.blog.aphaena.com\/wordpress\/wp-content\/uploads\/2021\/12\/IMG0009.jpg' src='https:\/\/www.blog.aphaena.com\/wordpress\/wp-content\/uploads\/2021\/12\/IMG0009.jpg' width='768' height='512' \/>\n\t<span class='icon fa fa-search-plus'><\/span>\n<div class='caption-block'>\n\t<div class='text-wrapper'>\n<span class='title'>Un bureau IDG Communication \u00e0 la D\u00e9fense dans la tour Citybank<\/span>\n\t<\/div>\n<\/div>\n<\/a>\n<div class='ftg-social'>\n<\/div>\n<\/div>\n<div  class='tile ftg-preload  '>\n<a title=\"Start up on the beach. Les membres des bureaux de Digital Saint Malo et de la french Tech Renne Saint Malo r\u00e9unis.\" data-lightbox='ftg-1414' rel='ftg-1414' target='_blank' class=' tile-inner  ftg-lightbox' href='https:\/\/www.blog.aphaena.com\/wordpress\/wp-content\/uploads\/2024\/09\/img_66d97c327f9c7-1024x681.png' >\n<img alt='Start up on the beach. Les membres des bureaux de Digital Saint Malo et de la french Tech Renne Saint Malo r\u00e9unis.' class='item skip-lazy' data-class='item' data-ftg-source='https:\/\/www.blog.aphaena.com\/wordpress\/wp-content\/uploads\/2024\/09\/img_66d97c327f9c7-1024x681.png' src='https:\/\/www.blog.aphaena.com\/wordpress\/wp-content\/uploads\/2024\/09\/img_66d97c327f9c7-1024x681.png' width='800' height='532' \/>\n\t<span class='icon fa fa-search-plus'><\/span>\n<div class='caption-block'>\n\t<div class='text-wrapper'>\n<span class='title'>Start up on the beach. Les membres des bureaux de Digital Saint Malo et de la french Tech Renne Saint Malo r\u00e9unis.<\/span>\n\t<\/div>\n<\/div>\n<\/a>\n<div class='ftg-social'>\n<\/div>\n<\/div>\n<div  class='tile ftg-preload  '>\n<a title=\"Installation de packshot vid\u00e9o photo de mon entreprise Aphaena\" data-lightbox='ftg-1414' rel='ftg-1414' target='_blank' class=' tile-inner  ftg-lightbox' href='https:\/\/www.blog.aphaena.com\/wordpress\/wp-content\/uploads\/2021\/12\/2014-04-06-01.04.30-1024x576.jpg' >\n<img alt='Installation de packshot vid\u00e9o photo de mon entreprise Aphaena' class='item skip-lazy' data-class='item' data-ftg-source='https:\/\/www.blog.aphaena.com\/wordpress\/wp-content\/uploads\/2021\/12\/2014-04-06-01.04.30-1024x576.jpg' src='https:\/\/www.blog.aphaena.com\/wordpress\/wp-content\/uploads\/2021\/12\/2014-04-06-01.04.30-1024x576.jpg' width='800' height='450' \/>\n\t<span class='icon fa fa-search-plus'><\/span>\n<div class='caption-block'>\n\t<div class='text-wrapper'>\n<span class='title'>Installation de packshot vid\u00e9o photo de mon entreprise Aphaena<\/span>\n\t<\/div>\n<\/div>\n<\/a>\n<div class='ftg-social'>\n<\/div>\n<\/div>\n<div  class='tile ftg-preload  '>\n<a title=\"Tractel SA SAV \u00e9lectrotechnique. Montage d&#039;une nacelle sur la tour Fiat \u00e0 la D\u00e9fense.\" data-lightbox='ftg-1414' rel='ftg-1414' target='_blank' class=' tile-inner  ftg-lightbox' href='https:\/\/www.blog.aphaena.com\/wordpress\/wp-content\/uploads\/2021\/12\/IMG0033.jpg' >\n<img alt='Tractel SA SAV \u00e9lectrotechnique. Montage d&#039;une nacelle sur la tour Fiat \u00e0 la D\u00e9fense.' class='item skip-lazy' data-class='item' data-ftg-source='https:\/\/www.blog.aphaena.com\/wordpress\/wp-content\/uploads\/2021\/12\/IMG0033.jpg' src='https:\/\/www.blog.aphaena.com\/wordpress\/wp-content\/uploads\/2021\/12\/IMG0033.jpg' width='768' height='512' \/>\n\t<span class='icon fa fa-search-plus'><\/span>\n<div class='caption-block'>\n\t<div class='text-wrapper'>\n<span class='title'>Tractel SA SAV \u00e9lectrotechnique. Montage d'une nacelle sur la tour Fiat \u00e0 la D\u00e9fense.<\/span>\n\t<\/div>\n<\/div>\n<\/a>\n<div class='ftg-social'>\n<\/div>\n<\/div>\n<div  class='tile ftg-preload  '>\n<a title=\"Arriv\u00e9e de l&#039;Hermione accueillie par la Cancalaise au Cap Fr\u00e9hel en direction de Saint Malo\" data-lightbox='ftg-1414' rel='ftg-1414' target='_blank' class=' tile-inner  ftg-lightbox' href='https:\/\/www.blog.aphaena.com\/wordpress\/wp-content\/uploads\/2024\/09\/img_66d9828e277a3-696x1024.png' >\n<img alt='Arriv\u00e9e de l&#039;Hermione accueillie par la Cancalaise au Cap Fr\u00e9hel en direction de Saint Malo' class='item skip-lazy' data-class='item' data-ftg-source='https:\/\/www.blog.aphaena.com\/wordpress\/wp-content\/uploads\/2024\/09\/img_66d9828e277a3-696x1024.png' src='https:\/\/www.blog.aphaena.com\/wordpress\/wp-content\/uploads\/2024\/09\/img_66d9828e277a3-696x1024.png' width='696' height='1024' \/>\n\t<span class='icon fa fa-search-plus'><\/span>\n<div class='caption-block'>\n\t<div class='text-wrapper'>\n<span class='title'>Arriv\u00e9e de l'Hermione accueillie par la Cancalaise au Cap Fr\u00e9hel en direction de Saint Malo<\/span>\n\t<\/div>\n<\/div>\n<\/a>\n<div class='ftg-social'>\n<\/div>\n<\/div>\n<div  class='tile ftg-preload  '>\n<a title=\"Tractel SA SAV \u00e9lectrotechnique. Montage d&#039;une nacelle sur la tour Fiat \u00e0 la D\u00e9fense.\" data-lightbox='ftg-1414' rel='ftg-1414' target='_blank' class=' tile-inner  ftg-lightbox' href='https:\/\/www.blog.aphaena.com\/wordpress\/wp-content\/uploads\/2021\/12\/IMG0085.jpg' >\n<img alt='Tractel SA SAV \u00e9lectrotechnique. Montage d&#039;une nacelle sur la tour Fiat \u00e0 la D\u00e9fense.' class='item skip-lazy' data-class='item' data-ftg-source='https:\/\/www.blog.aphaena.com\/wordpress\/wp-content\/uploads\/2021\/12\/IMG0085.jpg' src='https:\/\/www.blog.aphaena.com\/wordpress\/wp-content\/uploads\/2021\/12\/IMG0085.jpg' width='512' height='768' \/>\n\t<span class='icon fa fa-search-plus'><\/span>\n<div class='caption-block'>\n\t<div class='text-wrapper'>\n<span class='title'>Tractel SA SAV \u00e9lectrotechnique. Montage d'une nacelle sur la tour Fiat \u00e0 la D\u00e9fense.<\/span>\n\t<\/div>\n<\/div>\n<\/a>\n<div class='ftg-social'>\n<\/div>\n<\/div>\n<div  class='tile ftg-preload  '>\n<a title=\"Bureau \u00e0 Atalante Saint Malo. projet avec des investisseurs  Social Market Network .\" data-lightbox='ftg-1414' rel='ftg-1414' target='_blank' class=' tile-inner  ftg-lightbox' href='https:\/\/www.blog.aphaena.com\/wordpress\/wp-content\/uploads\/2021\/12\/MOU_6417-1024x684.jpg' >\n<img alt='Bureau \u00e0 Atalante Saint Malo. projet avec des investisseurs  Social Market Network .' class='item skip-lazy' data-class='item' data-ftg-source='https:\/\/www.blog.aphaena.com\/wordpress\/wp-content\/uploads\/2021\/12\/MOU_6417-1024x684.jpg' src='https:\/\/www.blog.aphaena.com\/wordpress\/wp-content\/uploads\/2021\/12\/MOU_6417-1024x684.jpg' width='800' height='534' \/>\n\t<span class='icon fa fa-search-plus'><\/span>\n<div class='caption-block'>\n\t<div class='text-wrapper'>\n<span class='title'>Bureau \u00e0 Atalante Saint Malo. projet avec des investisseurs  Social Market Network .<\/span>\n\t<\/div>\n<\/div>\n<\/a>\n<div class='ftg-social'>\n<\/div>\n<\/div>\n<div  class='tile ftg-preload  '>\n<a title=\"Digital Saint Malo : Cr\u00e9ation et Organisation de &quot;Start up on the Beach&quot; avec la French Tech Rennes Saint Malo.\" data-lightbox='ftg-1414' rel='ftg-1414' target='_blank' class=' tile-inner  ftg-lightbox' href='https:\/\/www.blog.aphaena.com\/wordpress\/wp-content\/uploads\/2024\/09\/img_66d97bba3852d-1024x579.png' >\n<img alt='Digital Saint Malo : Cr\u00e9ation et Organisation de &quot;Start up on the Beach&quot; avec la French Tech Rennes Saint Malo.' class='item skip-lazy' data-class='item' data-ftg-source='https:\/\/www.blog.aphaena.com\/wordpress\/wp-content\/uploads\/2024\/09\/img_66d97bba3852d-1024x579.png' src='https:\/\/www.blog.aphaena.com\/wordpress\/wp-content\/uploads\/2024\/09\/img_66d97bba3852d-1024x579.png' width='800' height='452' \/>\n\t<span class='icon fa fa-search-plus'><\/span>\n<div class='caption-block'>\n\t<div class='text-wrapper'>\n<span class='title'>Digital Saint Malo : Cr\u00e9ation et Organisation de \"Start up on the Beach\" avec la French Tech Rennes Saint Malo.<\/span>\n\t<\/div>\n<\/div>\n<\/a>\n<div class='ftg-social'>\n<\/div>\n<\/div>\n<div  class='tile ftg-preload  '>\n<a title=\"D\u00e9veloppement d&#039;un logiciel d&#039;interface pour une machine \u00e0 commande num\u00e9rique.\" data-lightbox='ftg-1414' rel='ftg-1414' target='_blank' class=' tile-inner  ftg-lightbox' href='https:\/\/www.blog.aphaena.com\/wordpress\/wp-content\/uploads\/2021\/12\/DSCF0027-1024x683.jpg' >\n<img alt='D\u00e9veloppement d&#039;un logiciel d&#039;interface pour une machine \u00e0 commande num\u00e9rique.' class='item skip-lazy' data-class='item' data-ftg-source='https:\/\/www.blog.aphaena.com\/wordpress\/wp-content\/uploads\/2021\/12\/DSCF0027-1024x683.jpg' src='https:\/\/www.blog.aphaena.com\/wordpress\/wp-content\/uploads\/2021\/12\/DSCF0027-1024x683.jpg' width='800' height='534' \/>\n\t<span class='icon fa fa-search-plus'><\/span>\n<div class='caption-block'>\n\t<div class='text-wrapper'>\n<span class='title'>D\u00e9veloppement d'un logiciel d'interface pour une machine \u00e0 commande num\u00e9rique.<\/span>\n\t<\/div>\n<\/div>\n<\/a>\n<div class='ftg-social'>\n<\/div>\n<\/div>\n<div  class='tile ftg-preload  '>\n<a title=\"Mon troisi\u00e8me ordinateur le Commodore 128 avec un \u00e9quipement de dingue..\" data-lightbox='ftg-1414' rel='ftg-1414' target='_blank' class=' tile-inner  ftg-lightbox' href='https:\/\/www.blog.aphaena.com\/wordpress\/wp-content\/uploads\/2024\/09\/img_66d980de34268-1024x672.png' >\n<img alt='Mon troisi\u00e8me ordinateur le Commodore 128 avec un \u00e9quipement de dingue..' class='item skip-lazy' data-class='item' data-ftg-source='https:\/\/www.blog.aphaena.com\/wordpress\/wp-content\/uploads\/2024\/09\/img_66d980de34268-1024x672.png' src='https:\/\/www.blog.aphaena.com\/wordpress\/wp-content\/uploads\/2024\/09\/img_66d980de34268-1024x672.png' width='800' height='525' \/>\n\t<span class='icon fa fa-search-plus'><\/span>\n<div class='caption-block'>\n\t<div class='text-wrapper'>\n<span class='title'>Mon troisi\u00e8me ordinateur le Commodore 128 avec un \u00e9quipement de dingue..<\/span>\n\t<\/div>\n<\/div>\n<\/a>\n<div class='ftg-social'>\n<\/div>\n<\/div>\n<div  class='tile ftg-preload  '>\n<a title=\"Cin\u00e9ma Th\u00e9\u00e2tre sur la vie de Jacques Cartier r\u00e9alis\u00e9 avec Jacques Ledran.\" data-lightbox='ftg-1414' rel='ftg-1414' target='_blank' class=' tile-inner  ftg-lightbox' href='https:\/\/www.blog.aphaena.com\/wordpress\/wp-content\/uploads\/2021\/12\/DSC_00221-1024x681.jpg' >\n<img alt='Cin\u00e9ma Th\u00e9\u00e2tre sur la vie de Jacques Cartier r\u00e9alis\u00e9 avec Jacques Ledran.' class='item skip-lazy' data-class='item' data-ftg-source='https:\/\/www.blog.aphaena.com\/wordpress\/wp-content\/uploads\/2021\/12\/DSC_00221-1024x681.jpg' src='https:\/\/www.blog.aphaena.com\/wordpress\/wp-content\/uploads\/2021\/12\/DSC_00221-1024x681.jpg' width='800' height='532' \/>\n\t<span class='icon fa fa-search-plus'><\/span>\n<div class='caption-block'>\n\t<div class='text-wrapper'>\n<span class='title'>Cin\u00e9ma Th\u00e9\u00e2tre sur la vie de Jacques Cartier r\u00e9alis\u00e9 avec Jacques Ledran.<\/span>\n\t<\/div>\n<\/div>\n<\/a>\n<div class='ftg-social'>\n<\/div>\n<\/div>\n<div  class='tile ftg-preload  '>\n<a title=\"Hong Kong et Shenzhen: salon Electronics Components et Foire de Canton pour des projets avec des investisseurs.\" data-lightbox='ftg-1414' rel='ftg-1414' target='_blank' class=' tile-inner  ftg-lightbox' href='https:\/\/www.blog.aphaena.com\/wordpress\/wp-content\/uploads\/2021\/12\/DSCF0014-1024x683.jpg' >\n<img alt='Hong Kong et Shenzhen: salon Electronics Components et Foire de Canton pour des projets avec des investisseurs.' class='item skip-lazy' data-class='item' data-ftg-source='https:\/\/www.blog.aphaena.com\/wordpress\/wp-content\/uploads\/2021\/12\/DSCF0014-1024x683.jpg' src='https:\/\/www.blog.aphaena.com\/wordpress\/wp-content\/uploads\/2021\/12\/DSCF0014-1024x683.jpg' width='800' height='534' \/>\n\t<span class='icon fa fa-search-plus'><\/span>\n<div class='caption-block'>\n\t<div class='text-wrapper'>\n<span class='title'>Hong Kong et Shenzhen: salon Electronics Components et Foire de Canton pour des projets avec des investisseurs.<\/span>\n\t<\/div>\n<\/div>\n<\/a>\n<div class='ftg-social'>\n<\/div>\n<\/div>\n<div  class='tile ftg-preload  '>\n<a title=\"Mon Bureau chez Ziff Davis. Le bureau le plus technologique de tout paris \u00e0 l&#039;\u00e9poque :)\" data-lightbox='ftg-1414' rel='ftg-1414' target='_blank' class=' tile-inner  ftg-lightbox' href='https:\/\/www.blog.aphaena.com\/wordpress\/wp-content\/uploads\/2021\/12\/IMG00101.jpg' >\n<img alt='Mon Bureau chez Ziff Davis. Le bureau le plus technologique de tout paris \u00e0 l&#039;\u00e9poque :)' class='item skip-lazy' data-class='item' data-ftg-source='https:\/\/www.blog.aphaena.com\/wordpress\/wp-content\/uploads\/2021\/12\/IMG00101.jpg' src='https:\/\/www.blog.aphaena.com\/wordpress\/wp-content\/uploads\/2021\/12\/IMG00101.jpg' width='768' height='512' \/>\n\t<span class='icon fa fa-search-plus'><\/span>\n<div class='caption-block'>\n\t<div class='text-wrapper'>\n<span class='title'>Mon Bureau chez Ziff Davis. Le bureau le plus technologique de tout paris \u00e0 l'\u00e9poque \ud83d\ude42<\/span>\n\t<\/div>\n<\/div>\n<\/a>\n<div class='ftg-social'>\n<\/div>\n<\/div>\n<div  class='tile ftg-preload  '>\n<a title=\"Photographe de Gille Lamir\u00e9 et Yvan Bourgnon, route du rhum, Jacques Vabre , Transat Anglaise avec et divers troph\u00e9es.\n\" data-lightbox='ftg-1414' rel='ftg-1414' target='_blank' class=' tile-inner  ftg-lightbox' href='https:\/\/www.blog.aphaena.com\/wordpress\/wp-content\/uploads\/2024\/09\/img_66d987882d488-1024x833.png' >\n<img alt='Photographe de Gille Lamir\u00e9 et Yvan Bourgnon, route du rhum, Jacques Vabre , Transat Anglaise avec et divers troph\u00e9es.\n' class='item skip-lazy' data-class='item' data-ftg-source='https:\/\/www.blog.aphaena.com\/wordpress\/wp-content\/uploads\/2024\/09\/img_66d987882d488-1024x833.png' src='https:\/\/www.blog.aphaena.com\/wordpress\/wp-content\/uploads\/2024\/09\/img_66d987882d488-1024x833.png' width='800' height='651' \/>\n\t<span class='icon fa fa-search-plus'><\/span>\n<div class='caption-block'>\n\t<div class='text-wrapper'>\n<span class='title'>Photographe de Gille Lamir\u00e9 et Yvan Bourgnon, route du rhum, Jacques Vabre , Transat Anglaise avec et divers troph\u00e9es.\n<\/span>\n\t<\/div>\n<\/div>\n<\/a>\n<div class='ftg-social'>\n<\/div>\n<\/div>\n<div  class='tile ftg-preload  '>\n<a title=\"R\u00e9alisation vid\u00e9o pour TF1, Canal plus, RTL9, Canal J\" data-lightbox='ftg-1414' rel='ftg-1414' target='_blank' class=' tile-inner  ftg-lightbox' href='https:\/\/www.blog.aphaena.com\/wordpress\/wp-content\/uploads\/2021\/12\/IMG0029.jpg' >\n<img alt='R\u00e9alisation vid\u00e9o pour TF1, Canal plus, RTL9, Canal J' class='item skip-lazy' data-class='item' data-ftg-source='https:\/\/www.blog.aphaena.com\/wordpress\/wp-content\/uploads\/2021\/12\/IMG0029.jpg' src='https:\/\/www.blog.aphaena.com\/wordpress\/wp-content\/uploads\/2021\/12\/IMG0029.jpg' width='768' height='512' \/>\n\t<span class='icon fa fa-search-plus'><\/span>\n<div class='caption-block'>\n\t<div class='text-wrapper'>\n<span class='title'>R\u00e9alisation vid\u00e9o pour TF1, Canal plus, RTL9, Canal J<\/span>\n\t<\/div>\n<\/div>\n<\/a>\n<div class='ftg-social'>\n<\/div>\n<\/div>\n<div  class='tile ftg-preload  '>\n<a title=\"Bureau \u00e0 Atalante Saint Malo. Projet Social Market Network  avec des investisseurs.\" data-lightbox='ftg-1414' rel='ftg-1414' target='_blank' class=' tile-inner  ftg-lightbox' href='https:\/\/www.blog.aphaena.com\/wordpress\/wp-content\/uploads\/2021\/12\/MOU_6410-1024x684.jpg' >\n<img alt='Bureau \u00e0 Atalante Saint Malo. Projet Social Market Network  avec des investisseurs.' class='item skip-lazy' data-class='item' data-ftg-source='https:\/\/www.blog.aphaena.com\/wordpress\/wp-content\/uploads\/2021\/12\/MOU_6410-1024x684.jpg' src='https:\/\/www.blog.aphaena.com\/wordpress\/wp-content\/uploads\/2021\/12\/MOU_6410-1024x684.jpg' width='800' height='534' \/>\n\t<span class='icon fa fa-search-plus'><\/span>\n<div class='caption-block'>\n\t<div class='text-wrapper'>\n<span class='title'>Bureau \u00e0 Atalante Saint Malo. Projet Social Market Network  avec des investisseurs.<\/span>\n\t<\/div>\n<\/div>\n<\/a>\n<div class='ftg-social'>\n<\/div>\n<\/div>\n<div  class='tile ftg-preload  '>\n<a title=\"Photographe de Gille Lamir\u00e9 et Yvan Bourgnon, route du rhum, Jacques Vabre , Transat Anglaise avec et divers troph\u00e9es.\" data-lightbox='ftg-1414' rel='ftg-1414' target='_blank' class=' tile-inner  ftg-lightbox' href='https:\/\/www.blog.aphaena.com\/wordpress\/wp-content\/uploads\/2024\/09\/img_66d985a4c2145-678x1024.png' >\n<img alt='Photographe de Gille Lamir\u00e9 et Yvan Bourgnon, route du rhum, Jacques Vabre , Transat Anglaise avec et divers troph\u00e9es.' class='item skip-lazy' data-class='item' data-ftg-source='https:\/\/www.blog.aphaena.com\/wordpress\/wp-content\/uploads\/2024\/09\/img_66d985a4c2145-678x1024.png' src='https:\/\/www.blog.aphaena.com\/wordpress\/wp-content\/uploads\/2024\/09\/img_66d985a4c2145-678x1024.png' width='678' height='1024' \/>\n\t<span class='icon fa fa-search-plus'><\/span>\n<div class='caption-block'>\n\t<div class='text-wrapper'>\n<span class='title'>Photographe de Gille Lamir\u00e9 et Yvan Bourgnon, route du rhum, Jacques Vabre , Transat Anglaise avec et divers troph\u00e9es.<\/span>\n\t<\/div>\n<\/div>\n<\/a>\n<div class='ftg-social'>\n<\/div>\n<\/div>\n<div  class='tile ftg-preload  '>\n<a title=\"Hong Kong et Shenzhen: salon Electronics Components et Foire de Canton pour des projets avec des investisseurs.\" data-lightbox='ftg-1414' rel='ftg-1414' target='_blank' class=' tile-inner  ftg-lightbox' href='https:\/\/www.blog.aphaena.com\/wordpress\/wp-content\/uploads\/2021\/12\/DSCF0168-1024x683.jpg' >\n<img alt='Hong Kong et Shenzhen: salon Electronics Components et Foire de Canton pour des projets avec des investisseurs.' class='item skip-lazy' data-class='item' data-ftg-source='https:\/\/www.blog.aphaena.com\/wordpress\/wp-content\/uploads\/2021\/12\/DSCF0168-1024x683.jpg' src='https:\/\/www.blog.aphaena.com\/wordpress\/wp-content\/uploads\/2021\/12\/DSCF0168-1024x683.jpg' width='800' height='534' \/>\n\t<span class='icon fa fa-search-plus'><\/span>\n<div class='caption-block'>\n\t<div class='text-wrapper'>\n<span class='title'>Hong Kong et Shenzhen: salon Electronics Components et Foire de Canton pour des projets avec des investisseurs.<\/span>\n\t<\/div>\n<\/div>\n<\/a>\n<div class='ftg-social'>\n<\/div>\n<\/div>\n<div  class='tile ftg-preload  '>\n<a title=\"Bureau \u00e0 Atalante Saint Malo. Projet Social Market Network  avec des investisseurs.\" data-lightbox='ftg-1414' rel='ftg-1414' target='_blank' class=' tile-inner  ftg-lightbox' href='https:\/\/www.blog.aphaena.com\/wordpress\/wp-content\/uploads\/2021\/12\/MOU_6414-1024x684.jpg' >\n<img alt='Bureau \u00e0 Atalante Saint Malo. Projet Social Market Network  avec des investisseurs.' class='item skip-lazy' data-class='item' data-ftg-source='https:\/\/www.blog.aphaena.com\/wordpress\/wp-content\/uploads\/2021\/12\/MOU_6414-1024x684.jpg' src='https:\/\/www.blog.aphaena.com\/wordpress\/wp-content\/uploads\/2021\/12\/MOU_6414-1024x684.jpg' width='800' height='534' \/>\n\t<span class='icon fa fa-search-plus'><\/span>\n<div class='caption-block'>\n\t<div class='text-wrapper'>\n<span class='title'>Bureau \u00e0 Atalante Saint Malo. Projet Social Market Network  avec des investisseurs.<\/span>\n\t<\/div>\n<\/div>\n<\/a>\n<div class='ftg-social'>\n<\/div>\n<\/div>\n<div  class='tile ftg-preload  '>\n<a title=\"Kleipierre: Pr\u00e9sentation sur Hololens du futur centre commercial d&#039;OSLO.\" data-lightbox='ftg-1414' rel='ftg-1414' target='_blank' class=' tile-inner  ftg-lightbox' href='https:\/\/www.blog.aphaena.com\/wordpress\/wp-content\/uploads\/2021\/12\/XB8_9683-1024x684.jpg' >\n<img alt='Kleipierre: Pr\u00e9sentation sur Hololens du futur centre commercial d&#039;OSLO.' class='item skip-lazy' data-class='item' data-ftg-source='https:\/\/www.blog.aphaena.com\/wordpress\/wp-content\/uploads\/2021\/12\/XB8_9683-1024x684.jpg' src='https:\/\/www.blog.aphaena.com\/wordpress\/wp-content\/uploads\/2021\/12\/XB8_9683-1024x684.jpg' width='800' height='534' \/>\n\t<span class='icon fa fa-search-plus'><\/span>\n<div class='caption-block'>\n\t<div class='text-wrapper'>\n<span class='title'>Kleipierre: Pr\u00e9sentation sur Hololens du futur centre commercial d'OSLO.<\/span>\n\t<\/div>\n<\/div>\n<\/a>\n<div class='ftg-social'>\n<\/div>\n<\/div>\n<div  class='tile ftg-preload  '>\n<a title=\"Digital Saint Malo : Cr\u00e9ation et Organisation de &quot;Start up on the Beach&quot; avec la French Tech Rennes Saint Malo.\" data-lightbox='ftg-1414' rel='ftg-1414' target='_blank' class=' tile-inner  ftg-lightbox' href='https:\/\/www.blog.aphaena.com\/wordpress\/wp-content\/uploads\/2024\/09\/img_66d97b24313c3-1024x687.png' >\n<img alt='Digital Saint Malo : Cr\u00e9ation et Organisation de &quot;Start up on the Beach&quot; avec la French Tech Rennes Saint Malo.' class='item skip-lazy' data-class='item' data-ftg-source='https:\/\/www.blog.aphaena.com\/wordpress\/wp-content\/uploads\/2024\/09\/img_66d97b24313c3-1024x687.png' src='https:\/\/www.blog.aphaena.com\/wordpress\/wp-content\/uploads\/2024\/09\/img_66d97b24313c3-1024x687.png' width='800' height='537' \/>\n\t<span class='icon fa fa-search-plus'><\/span>\n<div class='caption-block'>\n\t<div class='text-wrapper'>\n<span class='title'>Digital Saint Malo : Cr\u00e9ation et Organisation de \"Start up on the Beach\" avec la French Tech Rennes Saint Malo.<\/span>\n\t<\/div>\n<\/div>\n<\/a>\n<div class='ftg-social'>\n<\/div>\n<\/div>\n<div  class='tile ftg-preload  '>\n<a title=\"En Chine les relations professionnelles deviennent rapidement amicales.\" data-lightbox='ftg-1414' rel='ftg-1414' target='_blank' class=' tile-inner  ftg-lightbox' href='https:\/\/www.blog.aphaena.com\/wordpress\/wp-content\/uploads\/2021\/12\/DSCF0881-1024x683.jpg' >\n<img alt='En Chine les relations professionnelles deviennent rapidement amicales.' class='item skip-lazy' data-class='item' data-ftg-source='https:\/\/www.blog.aphaena.com\/wordpress\/wp-content\/uploads\/2021\/12\/DSCF0881-1024x683.jpg' src='https:\/\/www.blog.aphaena.com\/wordpress\/wp-content\/uploads\/2021\/12\/DSCF0881-1024x683.jpg' width='800' height='534' \/>\n\t<span class='icon fa fa-search-plus'><\/span>\n<div class='caption-block'>\n\t<div class='text-wrapper'>\n<span class='title'>En Chine les relations professionnelles deviennent rapidement amicales.<\/span>\n\t<\/div>\n<\/div>\n<\/a>\n<div class='ftg-social'>\n<\/div>\n<\/div>\n<div  class='tile ftg-preload  '>\n<a title=\"Drinktec Exposition avec Sidel pr\u00e9sentation d&#039;un outil de formation \u00e0 la mainteance et au change Over sur Hololens \" data-lightbox='ftg-1414' rel='ftg-1414' target='_blank' class=' tile-inner  ftg-lightbox' href='https:\/\/www.blog.aphaena.com\/wordpress\/wp-content\/uploads\/2021\/12\/WP_20170911_14_15_55_Pro-1024x576.jpg' >\n<img alt='Drinktec Exposition avec Sidel pr\u00e9sentation d&#039;un outil de formation \u00e0 la mainteance et au change Over sur Hololens ' class='item skip-lazy' data-class='item' data-ftg-source='https:\/\/www.blog.aphaena.com\/wordpress\/wp-content\/uploads\/2021\/12\/WP_20170911_14_15_55_Pro-1024x576.jpg' src='https:\/\/www.blog.aphaena.com\/wordpress\/wp-content\/uploads\/2021\/12\/WP_20170911_14_15_55_Pro-1024x576.jpg' width='800' height='450' \/>\n\t<span class='icon fa fa-search-plus'><\/span>\n<div class='caption-block'>\n\t<div class='text-wrapper'>\n<span class='title'>Drinktec Exposition avec Sidel pr\u00e9sentation d'un outil de formation \u00e0 la mainteance et au change Over sur Hololens <\/span>\n\t<\/div>\n<\/div>\n<\/a>\n<div class='ftg-social'>\n<\/div>\n<\/div>\n<div  class='tile ftg-preload  '>\n<a title=\"Synergiz: Exposition Drinktec avec Sidel.\" data-lightbox='ftg-1414' rel='ftg-1414' target='_blank' class=' tile-inner  ftg-lightbox' href='https:\/\/www.blog.aphaena.com\/wordpress\/wp-content\/uploads\/2024\/09\/img_66d9818d856bd-1024x691.png' >\n<img alt='Synergiz: Exposition Drinktec avec Sidel.' class='item skip-lazy' data-class='item' data-ftg-source='https:\/\/www.blog.aphaena.com\/wordpress\/wp-content\/uploads\/2024\/09\/img_66d9818d856bd-1024x691.png' src='https:\/\/www.blog.aphaena.com\/wordpress\/wp-content\/uploads\/2024\/09\/img_66d9818d856bd-1024x691.png' width='800' height='540' \/>\n\t<span class='icon fa fa-search-plus'><\/span>\n<div class='caption-block'>\n\t<div class='text-wrapper'>\n<span class='title'>Synergiz: Exposition Drinktec avec Sidel.<\/span>\n\t<\/div>\n<\/div>\n<\/a>\n<div class='ftg-social'>\n<\/div>\n<\/div>\n<div  class='tile ftg-preload  '>\n<a title=\"Synergiz ma soci\u00e9t\u00e9 pr\u00e9f\u00e9r\u00e9e.\" data-lightbox='ftg-1414' rel='ftg-1414' target='_blank' class=' tile-inner  ftg-lightbox' href='https:\/\/www.blog.aphaena.com\/wordpress\/wp-content\/uploads\/2021\/12\/XB8_7627-1024x684.jpg' >\n<img alt='Synergiz ma soci\u00e9t\u00e9 pr\u00e9f\u00e9r\u00e9e.' class='item skip-lazy' data-class='item' data-ftg-source='https:\/\/www.blog.aphaena.com\/wordpress\/wp-content\/uploads\/2021\/12\/XB8_7627-1024x684.jpg' src='https:\/\/www.blog.aphaena.com\/wordpress\/wp-content\/uploads\/2021\/12\/XB8_7627-1024x684.jpg' width='800' height='534' \/>\n\t<span class='icon fa fa-search-plus'><\/span>\n<div class='caption-block'>\n\t<div class='text-wrapper'>\n<span class='title'>Synergiz ma soci\u00e9t\u00e9 pr\u00e9f\u00e9r\u00e9e.<\/span>\n\t<\/div>\n<\/div>\n<\/a>\n<div class='ftg-social'>\n<\/div>\n<\/div>\n<div  class='tile ftg-preload  '>\n<a title=\"Hong Kong et Shenzhen: salon Electronics Components et Foire de Canton pour des projets avec des investisseurs.\n\nUn italien rencontr\u00e9 \u00e0 Hong kong m&#039;a pr\u00eat\u00e9 un appartement magnifique de 700M2 tout \u00e9quip\u00e9 \u00e0 Shenzhen  pendant un mois.\" data-lightbox='ftg-1414' rel='ftg-1414' target='_blank' class=' tile-inner  ftg-lightbox' href='https:\/\/www.blog.aphaena.com\/wordpress\/wp-content\/uploads\/2021\/12\/DSCF0034-1024x683.jpg' >\n<img alt='Hong Kong et Shenzhen: salon Electronics Components et Foire de Canton pour des projets avec des investisseurs.\n\nUn italien rencontr\u00e9 \u00e0 Hong kong m&#039;a pr\u00eat\u00e9 un appartement magnifique de 700M2 tout \u00e9quip\u00e9 \u00e0 Shenzhen  pendant un mois.' class='item skip-lazy' data-class='item' data-ftg-source='https:\/\/www.blog.aphaena.com\/wordpress\/wp-content\/uploads\/2021\/12\/DSCF0034-1024x683.jpg' src='https:\/\/www.blog.aphaena.com\/wordpress\/wp-content\/uploads\/2021\/12\/DSCF0034-1024x683.jpg' width='800' height='534' \/>\n\t<span class='icon fa fa-search-plus'><\/span>\n<div class='caption-block'>\n\t<div class='text-wrapper'>\n<span class='title'>Hong Kong et Shenzhen: salon Electronics Components et Foire de Canton pour des projets avec des investisseurs.\n\nUn italien rencontr\u00e9 \u00e0 Hong kong m'a pr\u00eat\u00e9 un appartement magnifique de 700M2 tout \u00e9quip\u00e9 \u00e0 Shenzhen  pendant un mois.<\/span>\n\t<\/div>\n<\/div>\n<\/a>\n<div class='ftg-social'>\n<\/div>\n<\/div>\n<div  class='tile ftg-preload  '>\n<a title=\"Hong Kong et Shenzhen: salon Electronics Components et Foire de Canton pour des projets avec des investisseurs.\" data-lightbox='ftg-1414' rel='ftg-1414' target='_blank' class=' tile-inner  ftg-lightbox' href='https:\/\/www.blog.aphaena.com\/wordpress\/wp-content\/uploads\/2021\/12\/DSCF0050-1024x683.jpg' >\n<img alt='Hong Kong et Shenzhen: salon Electronics Components et Foire de Canton pour des projets avec des investisseurs.' class='item skip-lazy' data-class='item' data-ftg-source='https:\/\/www.blog.aphaena.com\/wordpress\/wp-content\/uploads\/2021\/12\/DSCF0050-1024x683.jpg' src='https:\/\/www.blog.aphaena.com\/wordpress\/wp-content\/uploads\/2021\/12\/DSCF0050-1024x683.jpg' width='800' height='534' \/>\n\t<span class='icon fa fa-search-plus'><\/span>\n<div class='caption-block'>\n\t<div class='text-wrapper'>\n<span class='title'>Hong Kong et Shenzhen: salon Electronics Components et Foire de Canton pour des projets avec des investisseurs.<\/span>\n\t<\/div>\n<\/div>\n<\/a>\n<div class='ftg-social'>\n<\/div>\n<\/div>\n<div  class='tile ftg-preload  '>\n<a title=\"La Soci\u00e9t\u00e9 et Volume Deux 1996. Flashage et d\u00e9veloppement d&#039;application multimedia dans une ancienne imprimerie. Nos plus proches voisins \u00e9taient Free. 3 ans avant le lancement de leur premi\u00e8re offre en 1999.\" data-lightbox='ftg-1414' rel='ftg-1414' target='_blank' class=' tile-inner  ftg-lightbox' href='https:\/\/www.blog.aphaena.com\/wordpress\/wp-content\/uploads\/2024\/09\/img_66d9810dda0bf-1024x681.png' >\n<img alt='La Soci\u00e9t\u00e9 et Volume Deux 1996. Flashage et d\u00e9veloppement d&#039;application multimedia dans une ancienne imprimerie. Nos plus proches voisins \u00e9taient Free. 3 ans avant le lancement de leur premi\u00e8re offre en 1999.' class='item skip-lazy' data-class='item' data-ftg-source='https:\/\/www.blog.aphaena.com\/wordpress\/wp-content\/uploads\/2024\/09\/img_66d9810dda0bf-1024x681.png' src='https:\/\/www.blog.aphaena.com\/wordpress\/wp-content\/uploads\/2024\/09\/img_66d9810dda0bf-1024x681.png' width='800' height='532' \/>\n\t<span class='icon fa fa-search-plus'><\/span>\n<div class='caption-block'>\n\t<div class='text-wrapper'>\n<span class='title'>La Soci\u00e9t\u00e9 et Volume Deux 1996. Flashage et d\u00e9veloppement d'application multimedia dans une ancienne imprimerie. Nos plus proches voisins \u00e9taient Free. 3 ans avant le lancement de leur premi\u00e8re offre en 1999.<\/span>\n\t<\/div>\n<\/div>\n<\/a>\n<div class='ftg-social'>\n<\/div>\n<\/div>\n<div  class='tile ftg-preload  '>\n<a title=\"Hong Kong et Shenzhen: salon Electronics Components et Foire de Canton pour des projets avec des investisseurs.\" data-lightbox='ftg-1414' rel='ftg-1414' target='_blank' class=' tile-inner  ftg-lightbox' href='https:\/\/www.blog.aphaena.com\/wordpress\/wp-content\/uploads\/2021\/12\/DSC00369-1024x576.jpg' >\n<img alt='Hong Kong et Shenzhen: salon Electronics Components et Foire de Canton pour des projets avec des investisseurs.' class='item skip-lazy' data-class='item' data-ftg-source='https:\/\/www.blog.aphaena.com\/wordpress\/wp-content\/uploads\/2021\/12\/DSC00369-1024x576.jpg' src='https:\/\/www.blog.aphaena.com\/wordpress\/wp-content\/uploads\/2021\/12\/DSC00369-1024x576.jpg' width='800' height='450' \/>\n\t<span class='icon fa fa-search-plus'><\/span>\n<div class='caption-block'>\n\t<div class='text-wrapper'>\n<span class='title'>Hong Kong et Shenzhen: salon Electronics Components et Foire de Canton pour des projets avec des investisseurs.<\/span>\n\t<\/div>\n<\/div>\n<\/a>\n<div class='ftg-social'>\n<\/div>\n<\/div>\n<div  class='tile ftg-preload  '>\n<a title=\"Photographe et vid\u00e9aste dans le monde maritime.\" data-lightbox='ftg-1414' rel='ftg-1414' target='_blank' class=' tile-inner  ftg-lightbox' href='https:\/\/www.blog.aphaena.com\/wordpress\/wp-content\/uploads\/2021\/12\/XB8_1577-1024x684.jpg' >\n<img alt='Photographe et vid\u00e9aste dans le monde maritime.' class='item skip-lazy' data-class='item' data-ftg-source='https:\/\/www.blog.aphaena.com\/wordpress\/wp-content\/uploads\/2021\/12\/XB8_1577-1024x684.jpg' src='https:\/\/www.blog.aphaena.com\/wordpress\/wp-content\/uploads\/2021\/12\/XB8_1577-1024x684.jpg' width='800' height='534' \/>\n\t<span class='icon fa fa-search-plus'><\/span>\n<div class='caption-block'>\n\t<div class='text-wrapper'>\n<span class='title'>Photographe et vid\u00e9aste dans le monde maritime.<\/span>\n\t<\/div>\n<\/div>\n<\/a>\n<div class='ftg-social'>\n<\/div>\n<\/div>\n<div  class='tile ftg-preload  '>\n<a title=\"Synergiz: R\u00e9alisation visite virtuelle de la Sainte Chapelle avec un scanner infrarouge et un scanner laser. Cliquer pour visiter !\"  rel='ftg-1414' target='_blank' class=' tile-inner  ' href='https:\/\/www.timographie360.fr\/visites\/visite-virtuelle\/CMN\/sainte-chapelle\/' >\n<img alt='Synergiz: R\u00e9alisation visite virtuelle de la Sainte Chapelle avec un scanner infrarouge et un scanner laser. Cliquer pour visiter !' class='item skip-lazy' data-class='item' data-ftg-source='https:\/\/www.blog.aphaena.com\/wordpress\/wp-content\/uploads\/2024\/09\/img_66d980c01e33c-774x1024.png' src='https:\/\/www.blog.aphaena.com\/wordpress\/wp-content\/uploads\/2024\/09\/img_66d980c01e33c-774x1024.png' width='774' height='1024' \/>\n\t<span class='icon fa fa-search-plus'><\/span>\n<div class='caption-block'>\n\t<div class='text-wrapper'>\n<span class='title'>Synergiz: R\u00e9alisation visite virtuelle de la Sainte Chapelle avec un scanner infrarouge et un scanner laser. Cliquer pour visiter !<\/span>\n\t<\/div>\n<\/div>\n<\/a>\n<div class='ftg-social'>\n<\/div>\n<\/div>\n<div  class='tile ftg-preload  '>\n<a title=\"Digital Saint Malo : Organisation de la mini\u2013Maker Faire \u00e0 Saint Malo\" data-lightbox='ftg-1414' rel='ftg-1414' target='_blank' class=' tile-inner  ftg-lightbox' href='https:\/\/www.blog.aphaena.com\/wordpress\/wp-content\/uploads\/2024\/09\/img_66d97aae3a302-677x1024.png' >\n<img alt='Digital Saint Malo : Organisation de la mini\u2013Maker Faire \u00e0 Saint Malo' class='item skip-lazy' data-class='item' data-ftg-source='https:\/\/www.blog.aphaena.com\/wordpress\/wp-content\/uploads\/2024\/09\/img_66d97aae3a302-677x1024.png' src='https:\/\/www.blog.aphaena.com\/wordpress\/wp-content\/uploads\/2024\/09\/img_66d97aae3a302-677x1024.png' width='677' height='1024' \/>\n\t<span class='icon fa fa-search-plus'><\/span>\n<div class='caption-block'>\n\t<div class='text-wrapper'>\n<span class='title'>Digital Saint Malo : Organisation de la mini\u2013Maker Faire \u00e0 Saint Malo<\/span>\n\t<span class='text'>https:\/\/www.blog.aphaena.com\/wordpress\/wp-admin\/?page=ftg-lite-gallery-admin&amp;id=14#<\/span>\n\t<\/div>\n<\/div>\n<\/a>\n<div class='ftg-social'>\n<\/div>\n<\/div>\n<div  class='tile ftg-preload  '>\n<a title=\"Hong Kong et Shenzhen: salon Electronics Components et Foire de Canton pour des projets avec des investisseurs.\n\nUn italien rencontr\u00e9 \u00e0 Hong kong m&#039;a pr\u00eat\u00e9 un appartement magnifique de 700M2 tout \u00e9quip\u00e9 \u00e0 Shenzhen  pendant un mois.\" data-lightbox='ftg-1414' rel='ftg-1414' target='_blank' class=' tile-inner  ftg-lightbox' href='https:\/\/www.blog.aphaena.com\/wordpress\/wp-content\/uploads\/2021\/12\/DSCF0040-1024x683.jpg' >\n<img alt='Hong Kong et Shenzhen: salon Electronics Components et Foire de Canton pour des projets avec des investisseurs.\n\nUn italien rencontr\u00e9 \u00e0 Hong kong m&#039;a pr\u00eat\u00e9 un appartement magnifique de 700M2 tout \u00e9quip\u00e9 \u00e0 Shenzhen  pendant un mois.' class='item skip-lazy' data-class='item' data-ftg-source='https:\/\/www.blog.aphaena.com\/wordpress\/wp-content\/uploads\/2021\/12\/DSCF0040-1024x683.jpg' src='https:\/\/www.blog.aphaena.com\/wordpress\/wp-content\/uploads\/2021\/12\/DSCF0040-1024x683.jpg' width='800' height='534' \/>\n\t<span class='icon fa fa-search-plus'><\/span>\n<div class='caption-block'>\n\t<div class='text-wrapper'>\n<span class='title'>Hong Kong et Shenzhen: salon Electronics Components et Foire de Canton pour des projets avec des investisseurs.\n\nUn italien rencontr\u00e9 \u00e0 Hong kong m'a pr\u00eat\u00e9 un appartement magnifique de 700M2 tout \u00e9quip\u00e9 \u00e0 Shenzhen  pendant un mois.<\/span>\n\t<\/div>\n<\/div>\n<\/a>\n<div class='ftg-social'>\n<\/div>\n<\/div>\n<div  class='tile ftg-preload  '>\n<a title=\"Photographe et vid\u00e9aste dans le monde maritime.\" data-lightbox='ftg-1414' rel='ftg-1414' target='_blank' class=' tile-inner  ftg-lightbox' href='https:\/\/www.blog.aphaena.com\/wordpress\/wp-content\/uploads\/2021\/12\/DSC2201.jpg' >\n<img alt='Photographe et vid\u00e9aste dans le monde maritime.' class='item skip-lazy' data-class='item' data-ftg-source='https:\/\/www.blog.aphaena.com\/wordpress\/wp-content\/uploads\/2021\/12\/DSC2201.jpg' src='https:\/\/www.blog.aphaena.com\/wordpress\/wp-content\/uploads\/2021\/12\/DSC2201.jpg' width='1024' height='683' \/>\n\t<span class='icon fa fa-search-plus'><\/span>\n<div class='caption-block'>\n\t<div class='text-wrapper'>\n<span class='title'>Photographe et vid\u00e9aste dans le monde maritime.<\/span>\n\t<\/div>\n<\/div>\n<\/a>\n<div class='ftg-social'>\n<\/div>\n<\/div>\n<div  class='tile ftg-preload  '>\n<a title=\"Photographe de Gille Lamir\u00e9 et Yvan Bourgnon, route du rhum, Jacques Vabre , Transat Anglaise avec et divers troph\u00e9es.\" data-lightbox='ftg-1414' rel='ftg-1414' target='_blank' class=' tile-inner  ftg-lightbox' href='https:\/\/www.blog.aphaena.com\/wordpress\/wp-content\/uploads\/2024\/09\/img_66d9856c3e670-686x1024.png' >\n<img alt='Photographe de Gille Lamir\u00e9 et Yvan Bourgnon, route du rhum, Jacques Vabre , Transat Anglaise avec et divers troph\u00e9es.' class='item skip-lazy' data-class='item' data-ftg-source='https:\/\/www.blog.aphaena.com\/wordpress\/wp-content\/uploads\/2024\/09\/img_66d9856c3e670-686x1024.png' src='https:\/\/www.blog.aphaena.com\/wordpress\/wp-content\/uploads\/2024\/09\/img_66d9856c3e670-686x1024.png' width='686' height='1024' \/>\n\t<span class='icon fa fa-search-plus'><\/span>\n<div class='caption-block'>\n\t<div class='text-wrapper'>\n<span class='title'>Photographe de Gille Lamir\u00e9 et Yvan Bourgnon, route du rhum, Jacques Vabre , Transat Anglaise avec et divers troph\u00e9es.<\/span>\n\t<\/div>\n<\/div>\n<\/a>\n<div class='ftg-social'>\n<\/div>\n<\/div>\n<div  class='tile ftg-preload  '>\n<a title=\"Kleipierre: Pr\u00e9sentation sur Hololens du futur centre commercial d&#039;OSLO.\" data-lightbox='ftg-1414' rel='ftg-1414' target='_blank' class=' tile-inner  ftg-lightbox' href='https:\/\/www.blog.aphaena.com\/wordpress\/wp-content\/uploads\/2021\/12\/XB8_9676-1024x684.jpg' >\n<img alt='Kleipierre: Pr\u00e9sentation sur Hololens du futur centre commercial d&#039;OSLO.' class='item skip-lazy' data-class='item' data-ftg-source='https:\/\/www.blog.aphaena.com\/wordpress\/wp-content\/uploads\/2021\/12\/XB8_9676-1024x684.jpg' src='https:\/\/www.blog.aphaena.com\/wordpress\/wp-content\/uploads\/2021\/12\/XB8_9676-1024x684.jpg' width='800' height='534' \/>\n\t<span class='icon fa fa-search-plus'><\/span>\n<div class='caption-block'>\n\t<div class='text-wrapper'>\n<span class='title'>Kleipierre: Pr\u00e9sentation sur Hololens du futur centre commercial d'OSLO.<\/span>\n\t<\/div>\n<\/div>\n<\/a>\n<div class='ftg-social'>\n<\/div>\n<\/div>\n<div  class='tile ftg-preload  '>\n<a title=\"Synergiz: R\u00e9alisation visite virtuelle de la Sainte Chapelle avec un scanner infrarouge et un scanner laser. Cliquer pour visiter !\"  rel='ftg-1414' target='_blank' class=' tile-inner  ' href='https:\/\/www.timographie360.fr\/visites\/visite-virtuelle\/CMN\/sainte-chapelle\/' >\n<img alt='Synergiz: R\u00e9alisation visite virtuelle de la Sainte Chapelle avec un scanner infrarouge et un scanner laser. Cliquer pour visiter !' class='item skip-lazy' data-class='item' data-ftg-source='https:\/\/www.blog.aphaena.com\/wordpress\/wp-content\/uploads\/2024\/09\/img_66d981a54bb5d-768x1024.png' src='https:\/\/www.blog.aphaena.com\/wordpress\/wp-content\/uploads\/2024\/09\/img_66d981a54bb5d-768x1024.png' width='768' height='1024' \/>\n\t<span class='icon fa fa-search-plus'><\/span>\n<div class='caption-block'>\n\t<div class='text-wrapper'>\n<span class='title'>Synergiz: R\u00e9alisation visite virtuelle de la Sainte Chapelle avec un scanner infrarouge et un scanner laser. Cliquer pour visiter !<\/span>\n\t<\/div>\n<\/div>\n<\/a>\n<div class='ftg-social'>\n<\/div>\n<\/div>\n<div  class='tile ftg-preload  '>\n<a title=\"R\u00e9alisation du site gwennoline.com Wordpress, Prestashop, SEO, + de mille photos packshot.\" data-lightbox='ftg-1414' rel='ftg-1414' target='_blank' class=' tile-inner  ftg-lightbox' href='https:\/\/www.blog.aphaena.com\/wordpress\/wp-content\/uploads\/2024\/09\/img_66d9813f7cc0b-1024x562.png' >\n<img alt='R\u00e9alisation du site gwennoline.com Wordpress, Prestashop, SEO, + de mille photos packshot.' class='item skip-lazy' data-class='item' data-ftg-source='https:\/\/www.blog.aphaena.com\/wordpress\/wp-content\/uploads\/2024\/09\/img_66d9813f7cc0b-1024x562.png' src='https:\/\/www.blog.aphaena.com\/wordpress\/wp-content\/uploads\/2024\/09\/img_66d9813f7cc0b-1024x562.png' width='800' height='439' \/>\n\t<span class='icon fa fa-search-plus'><\/span>\n<div class='caption-block'>\n\t<div class='text-wrapper'>\n<span class='title'>R\u00e9alisation du site gwennoline.com Wordpress, Prestashop, SEO, + de mille photos packshot.<\/span>\n\t<\/div>\n<\/div>\n<\/a>\n<div class='ftg-social'>\n<\/div>\n<\/div>\n<div  class='tile ftg-preload  '>\n<a title=\"R\u00e9alisation des d\u00e9cors 3D pour incrustation sur fond vert. . Cin\u00e9ma Th\u00e9\u00e2tre sur la vie de Jacques Cartier r\u00e9alis\u00e9 avec Jacques Ledran.\" data-lightbox='ftg-1414' rel='ftg-1414' target='_blank' class=' tile-inner  ftg-lightbox' href='https:\/\/www.blog.aphaena.com\/wordpress\/wp-content\/uploads\/2021\/12\/salon1111-1024x576-1.jpg' >\n<img alt='R\u00e9alisation des d\u00e9cors 3D pour incrustation sur fond vert. . Cin\u00e9ma Th\u00e9\u00e2tre sur la vie de Jacques Cartier r\u00e9alis\u00e9 avec Jacques Ledran.' class='item skip-lazy' data-class='item' data-ftg-source='https:\/\/www.blog.aphaena.com\/wordpress\/wp-content\/uploads\/2021\/12\/salon1111-1024x576-1.jpg' src='https:\/\/www.blog.aphaena.com\/wordpress\/wp-content\/uploads\/2021\/12\/salon1111-1024x576-1.jpg' width='1024' height='576' \/>\n\t<span class='icon fa fa-search-plus'><\/span>\n<div class='caption-block'>\n\t<div class='text-wrapper'>\n<span class='title'>R\u00e9alisation des d\u00e9cors 3D pour incrustation sur fond vert. . Cin\u00e9ma Th\u00e9\u00e2tre sur la vie de Jacques Cartier r\u00e9alis\u00e9 avec Jacques Ledran.<\/span>\n\t<\/div>\n<\/div>\n<\/a>\n<div class='ftg-social'>\n<\/div>\n<\/div>\n<div  class='tile ftg-preload  '>\n<a title=\"Mon Bureau chez Ziff Davis. Le bureau le plus technologique de tout Paris \u00e0 l&#039;\u00e9poque :) Avec mon ami Christophe Souchard devenu chercheur chez Apple et Unity. Il \u00e9tait venu profiter d&#039;une Silicon graphics que j&#039;avais eu en pr\u00eat.\" data-lightbox='ftg-1414' rel='ftg-1414' target='_blank' class=' tile-inner  ftg-lightbox' href='https:\/\/www.blog.aphaena.com\/wordpress\/wp-content\/uploads\/2021\/12\/IMG0087.jpg' >\n<img alt='Mon Bureau chez Ziff Davis. Le bureau le plus technologique de tout Paris \u00e0 l&#039;\u00e9poque :) Avec mon ami Christophe Souchard devenu chercheur chez Apple et Unity. Il \u00e9tait venu profiter d&#039;une Silicon graphics que j&#039;avais eu en pr\u00eat.' class='item skip-lazy' data-class='item' data-ftg-source='https:\/\/www.blog.aphaena.com\/wordpress\/wp-content\/uploads\/2021\/12\/IMG0087.jpg' src='https:\/\/www.blog.aphaena.com\/wordpress\/wp-content\/uploads\/2021\/12\/IMG0087.jpg' width='768' height='512' \/>\n\t<span class='icon fa fa-search-plus'><\/span>\n<div class='caption-block'>\n\t<div class='text-wrapper'>\n<span class='title'>Mon Bureau chez Ziff Davis. Le bureau le plus technologique de tout Paris \u00e0 l'\u00e9poque \ud83d\ude42 Avec mon ami Christophe Souchard devenu chercheur chez Apple et Unity. Il \u00e9tait venu profiter d'une Silicon graphics que j'avais eu en pr\u00eat.<\/span>\n\t<\/div>\n<\/div>\n<\/a>\n<div class='ftg-social'>\n<\/div>\n<\/div>\n<div  class='tile ftg-preload  '>\n<a title=\"Une des gares de Canton, attention il y a plusieurs gares sur la m\u00eame ligne. C&#039;est tr\u00e8s grand et tr\u00e8s difficile de descendre \u00e0 la bonne gare.... 2H de taxi..\" data-lightbox='ftg-1414' rel='ftg-1414' target='_blank' class=' tile-inner  ftg-lightbox' href='https:\/\/www.blog.aphaena.com\/wordpress\/wp-content\/uploads\/2021\/12\/DSCF0017-1024x683.jpg' >\n<img alt='Une des gares de Canton, attention il y a plusieurs gares sur la m\u00eame ligne. C&#039;est tr\u00e8s grand et tr\u00e8s difficile de descendre \u00e0 la bonne gare.... 2H de taxi..' class='item skip-lazy' data-class='item' data-ftg-source='https:\/\/www.blog.aphaena.com\/wordpress\/wp-content\/uploads\/2021\/12\/DSCF0017-1024x683.jpg' src='https:\/\/www.blog.aphaena.com\/wordpress\/wp-content\/uploads\/2021\/12\/DSCF0017-1024x683.jpg' width='800' height='534' \/>\n\t<span class='icon fa fa-search-plus'><\/span>\n<div class='caption-block'>\n\t<div class='text-wrapper'>\n<span class='title'>Une des gares de Canton, attention il y a plusieurs gares sur la m\u00eame ligne. C'est tr\u00e8s grand et tr\u00e8s difficile de descendre \u00e0 la bonne gare.... 2H de taxi..<\/span>\n\t<\/div>\n<\/div>\n<\/a>\n<div class='ftg-social'>\n<\/div>\n<\/div>\n<div  class='tile ftg-preload  '>\n<a title=\"Cin\u00e9ma Th\u00e9\u00e2tre sur la vie de Jacques Cartier r\u00e9alis\u00e9 avec Jacques Ledran.\nR\u00e9alisation technique et vid\u00e9o, d\u00e9cors 3D et animation 3D, acteur.\" data-lightbox='ftg-1414' rel='ftg-1414' target='_blank' class=' tile-inner  ftg-lightbox' href='https:\/\/www.blog.aphaena.com\/wordpress\/wp-content\/uploads\/2021\/12\/DSC_00341-681x1024.jpg' >\n<img alt='Cin\u00e9ma Th\u00e9\u00e2tre sur la vie de Jacques Cartier r\u00e9alis\u00e9 avec Jacques Ledran.\nR\u00e9alisation technique et vid\u00e9o, d\u00e9cors 3D et animation 3D, acteur.' class='item skip-lazy' data-class='item' data-ftg-source='https:\/\/www.blog.aphaena.com\/wordpress\/wp-content\/uploads\/2021\/12\/DSC_00341-681x1024.jpg' src='https:\/\/www.blog.aphaena.com\/wordpress\/wp-content\/uploads\/2021\/12\/DSC_00341-681x1024.jpg' width='681' height='1024' \/>\n\t<span class='icon fa fa-search-plus'><\/span>\n<div class='caption-block'>\n\t<div class='text-wrapper'>\n<span class='title'>Cin\u00e9ma Th\u00e9\u00e2tre sur la vie de Jacques Cartier r\u00e9alis\u00e9 avec Jacques Ledran.\nR\u00e9alisation technique et vid\u00e9o, d\u00e9cors 3D et animation 3D, acteur.<\/span>\n\t<\/div>\n<\/div>\n<\/a>\n<div class='ftg-social'>\n<\/div>\n<\/div>\n<div  class='tile ftg-preload  '>\n<a title=\"Tractel SA SAV \u00e9lectrotechnique. Montage d&#039;une nacelle sur la tour Fiat \u00e0 la D\u00e9fense. Phot prise de la tour Elf Aquitaine de venu Tour Framatome.\" data-lightbox='ftg-1414' rel='ftg-1414' target='_blank' class=' tile-inner  ftg-lightbox' href='https:\/\/www.blog.aphaena.com\/wordpress\/wp-content\/uploads\/2021\/12\/IMG0048.jpg' >\n<img alt='Tractel SA SAV \u00e9lectrotechnique. Montage d&#039;une nacelle sur la tour Fiat \u00e0 la D\u00e9fense. Phot prise de la tour Elf Aquitaine de venu Tour Framatome.' class='item skip-lazy' data-class='item' data-ftg-source='https:\/\/www.blog.aphaena.com\/wordpress\/wp-content\/uploads\/2021\/12\/IMG0048.jpg' src='https:\/\/www.blog.aphaena.com\/wordpress\/wp-content\/uploads\/2021\/12\/IMG0048.jpg' width='512' height='768' \/>\n\t<span class='icon fa fa-search-plus'><\/span>\n<div class='caption-block'>\n\t<div class='text-wrapper'>\n<span class='title'>Tractel SA SAV \u00e9lectrotechnique. Montage d'une nacelle sur la tour Fiat \u00e0 la D\u00e9fense. Phot prise de la tour Elf Aquitaine de venu Tour Framatome.<\/span>\n\t<\/div>\n<\/div>\n<\/a>\n<div class='ftg-social'>\n<\/div>\n<\/div>\n<div  class='tile ftg-preload  '>\n<a title=\"D\u00e9collage du Domaine des Ormes avec Arnaud de la Chesnay.\" data-lightbox='ftg-1414' rel='ftg-1414' target='_blank' class=' tile-inner  ftg-lightbox' href='https:\/\/www.blog.aphaena.com\/wordpress\/wp-content\/uploads\/2024\/09\/img_66d98234ba5f1-1024x684.png' >\n<img alt='D\u00e9collage du Domaine des Ormes avec Arnaud de la Chesnay.' class='item skip-lazy' data-class='item' data-ftg-source='https:\/\/www.blog.aphaena.com\/wordpress\/wp-content\/uploads\/2024\/09\/img_66d98234ba5f1-1024x684.png' src='https:\/\/www.blog.aphaena.com\/wordpress\/wp-content\/uploads\/2024\/09\/img_66d98234ba5f1-1024x684.png' width='800' height='534' \/>\n\t<span class='icon fa fa-search-plus'><\/span>\n<div class='caption-block'>\n\t<div class='text-wrapper'>\n<span class='title'>D\u00e9collage du Domaine des Ormes avec Arnaud de la Chesnay.<\/span>\n\t<\/div>\n<\/div>\n<\/a>\n<div class='ftg-social'>\n<\/div>\n<\/div>\n<div  class='tile ftg-preload  '>\n<a title=\"Orange: D\u00e9veloppement d&#039;une application HoloLens complexe.   r\u00e9alisation du premier travelling holographique.\" data-lightbox='ftg-1414' rel='ftg-1414' target='_blank' class=' tile-inner  ftg-lightbox' href='https:\/\/www.blog.aphaena.com\/wordpress\/wp-content\/uploads\/2021\/12\/IMG_0145-768x1024.jpg' >\n<img alt='Orange: D\u00e9veloppement d&#039;une application HoloLens complexe.   r\u00e9alisation du premier travelling holographique.' class='item skip-lazy' data-class='item' data-ftg-source='https:\/\/www.blog.aphaena.com\/wordpress\/wp-content\/uploads\/2021\/12\/IMG_0145-768x1024.jpg' src='https:\/\/www.blog.aphaena.com\/wordpress\/wp-content\/uploads\/2021\/12\/IMG_0145-768x1024.jpg' width='768' height='1024' \/>\n\t<span class='icon fa fa-search-plus'><\/span>\n<div class='caption-block'>\n\t<div class='text-wrapper'>\n<span class='title'>Orange: D\u00e9veloppement d'une application HoloLens complexe.   r\u00e9alisation du premier travelling holographique.<\/span>\n\t<\/div>\n<\/div>\n<\/a>\n<div class='ftg-social'>\n<\/div>\n<\/div>\n<div  class='tile ftg-preload  '>\n<a title=\"Photographe de Gille Lamir\u00e9 et Yvan Bourgnon, route du rhum, Jacques Vabre , Transat Anglaise avec et divers troph\u00e9es.\" data-lightbox='ftg-1414' rel='ftg-1414' target='_blank' class=' tile-inner  ftg-lightbox' href='https:\/\/www.blog.aphaena.com\/wordpress\/wp-content\/uploads\/2024\/09\/img_66d986a5a2c56-1024x583.png' >\n<img alt='Photographe de Gille Lamir\u00e9 et Yvan Bourgnon, route du rhum, Jacques Vabre , Transat Anglaise avec et divers troph\u00e9es.' class='item skip-lazy' data-class='item' data-ftg-source='https:\/\/www.blog.aphaena.com\/wordpress\/wp-content\/uploads\/2024\/09\/img_66d986a5a2c56-1024x583.png' src='https:\/\/www.blog.aphaena.com\/wordpress\/wp-content\/uploads\/2024\/09\/img_66d986a5a2c56-1024x583.png' width='800' height='455' \/>\n\t<span class='icon fa fa-search-plus'><\/span>\n<div class='caption-block'>\n\t<div class='text-wrapper'>\n<span class='title'>Photographe de Gille Lamir\u00e9 et Yvan Bourgnon, route du rhum, Jacques Vabre , Transat Anglaise avec et divers troph\u00e9es.<\/span>\n\t<\/div>\n<\/div>\n<\/a>\n<div class='ftg-social'>\n<\/div>\n<\/div>\n<div  class='tile ftg-preload  '>\n<a title=\"Orange: D\u00e9veloppement d&#039;une application HoloLens. Des objets avec des animation remplace l&#039;emplacement vide et se dirige vers l&#039;utilisateur. \nLa sc\u00e8ne qui m\u00e9lange les hologrammes et la r\u00e9alit\u00e9 film\u00e9e sont projet\u00e9 sur un vid\u00e9o projecteur.\" data-lightbox='ftg-1414' rel='ftg-1414' target='_blank' class=' tile-inner  ftg-lightbox' href='https:\/\/www.blog.aphaena.com\/wordpress\/wp-content\/uploads\/2021\/12\/IMG_0128-768x1024.jpg' >\n<img alt='Orange: D\u00e9veloppement d&#039;une application HoloLens. Des objets avec des animation remplace l&#039;emplacement vide et se dirige vers l&#039;utilisateur. \nLa sc\u00e8ne qui m\u00e9lange les hologrammes et la r\u00e9alit\u00e9 film\u00e9e sont projet\u00e9 sur un vid\u00e9o projecteur.' class='item skip-lazy' data-class='item' data-ftg-source='https:\/\/www.blog.aphaena.com\/wordpress\/wp-content\/uploads\/2021\/12\/IMG_0128-768x1024.jpg' src='https:\/\/www.blog.aphaena.com\/wordpress\/wp-content\/uploads\/2021\/12\/IMG_0128-768x1024.jpg' width='768' height='1024' \/>\n\t<span class='icon fa fa-search-plus'><\/span>\n<div class='caption-block'>\n\t<div class='text-wrapper'>\n<span class='title'>Orange: D\u00e9veloppement d'une application HoloLens. Des objets avec des animation remplace l'emplacement vide et se dirige vers l'utilisateur. \nLa sc\u00e8ne qui m\u00e9lange les hologrammes et la r\u00e9alit\u00e9 film\u00e9e sont projet\u00e9 sur un vid\u00e9o projecteur.<\/span>\n\t<\/div>\n<\/div>\n<\/a>\n<div class='ftg-social'>\n<\/div>\n<\/div>\n<div  class='tile ftg-preload  '>\n<a title=\"Hong Kong et Shenzhen: salon Electronics Components et Foire de Canton pour des projets avec des investisseurs.\n\nUn italien rencontr\u00e9 \u00e0 Hong kong m&#039;a pr\u00eat\u00e9 un appartement magnifique de 700M2 tout \u00e9quip\u00e9 \u00e0 Shenzhen  pendant un mois.\" data-lightbox='ftg-1414' rel='ftg-1414' target='_blank' class=' tile-inner  ftg-lightbox' href='https:\/\/www.blog.aphaena.com\/wordpress\/wp-content\/uploads\/2021\/12\/DSCF0035-683x1024.jpg' >\n<img alt='Hong Kong et Shenzhen: salon Electronics Components et Foire de Canton pour des projets avec des investisseurs.\n\nUn italien rencontr\u00e9 \u00e0 Hong kong m&#039;a pr\u00eat\u00e9 un appartement magnifique de 700M2 tout \u00e9quip\u00e9 \u00e0 Shenzhen  pendant un mois.' class='item skip-lazy' data-class='item' data-ftg-source='https:\/\/www.blog.aphaena.com\/wordpress\/wp-content\/uploads\/2021\/12\/DSCF0035-683x1024.jpg' src='https:\/\/www.blog.aphaena.com\/wordpress\/wp-content\/uploads\/2021\/12\/DSCF0035-683x1024.jpg' width='683' height='1024' \/>\n\t<span class='icon fa fa-search-plus'><\/span>\n<div class='caption-block'>\n\t<div class='text-wrapper'>\n<span class='title'>Hong Kong et Shenzhen: salon Electronics Components et Foire de Canton pour des projets avec des investisseurs.\n\nUn italien rencontr\u00e9 \u00e0 Hong kong m'a pr\u00eat\u00e9 un appartement magnifique de 700M2 tout \u00e9quip\u00e9 \u00e0 Shenzhen  pendant un mois.<\/span>\n\t<\/div>\n<\/div>\n<\/a>\n<div class='ftg-social'>\n<\/div>\n<\/div>\n<div  class='tile ftg-preload  '>\n<a title=\"Vue de la tour SCOR prise d&#039;une nacelle de la tour Winterthur dans laquelle je suis rest\u00e9 bloqu\u00e9 plusieurs heures.\" data-lightbox='ftg-1414' rel='ftg-1414' target='_blank' class=' tile-inner  ftg-lightbox' href='https:\/\/www.blog.aphaena.com\/wordpress\/wp-content\/uploads\/2021\/12\/IMG0066.jpg' >\n<img alt='Vue de la tour SCOR prise d&#039;une nacelle de la tour Winterthur dans laquelle je suis rest\u00e9 bloqu\u00e9 plusieurs heures.' class='item skip-lazy' data-class='item' data-ftg-source='https:\/\/www.blog.aphaena.com\/wordpress\/wp-content\/uploads\/2021\/12\/IMG0066.jpg' src='https:\/\/www.blog.aphaena.com\/wordpress\/wp-content\/uploads\/2021\/12\/IMG0066.jpg' width='512' height='768' \/>\n\t<span class='icon fa fa-search-plus'><\/span>\n<div class='caption-block'>\n\t<div class='text-wrapper'>\n<span class='title'>Vue de la tour SCOR prise d'une nacelle de la tour Winterthur dans laquelle je suis rest\u00e9 bloqu\u00e9 plusieurs heures.<\/span>\n\t<\/div>\n<\/div>\n<\/a>\n<div class='ftg-social'>\n<\/div>\n<\/div>\n<div  class='tile ftg-preload  '>\n<a title=\"Photographe et vid\u00e9aste dans le monde maritime.\" data-lightbox='ftg-1414' rel='ftg-1414' target='_blank' class=' tile-inner  ftg-lightbox' href='https:\/\/www.blog.aphaena.com\/wordpress\/wp-content\/uploads\/2021\/12\/XB8_1748-684x1024.jpg' >\n<img alt='Photographe et vid\u00e9aste dans le monde maritime.' class='item skip-lazy' data-class='item' data-ftg-source='https:\/\/www.blog.aphaena.com\/wordpress\/wp-content\/uploads\/2021\/12\/XB8_1748-684x1024.jpg' src='https:\/\/www.blog.aphaena.com\/wordpress\/wp-content\/uploads\/2021\/12\/XB8_1748-684x1024.jpg' width='684' height='1024' \/>\n\t<span class='icon fa fa-search-plus'><\/span>\n<div class='caption-block'>\n\t<div class='text-wrapper'>\n<span class='title'>Photographe et vid\u00e9aste dans le monde maritime.<\/span>\n\t<\/div>\n<\/div>\n<\/a>\n<div class='ftg-social'>\n<\/div>\n<\/div>\n<div  class='tile ftg-preload  '>\n<a title=\"Photographe et vid\u00e9aste dans le monde maritime.\" data-lightbox='ftg-1414' rel='ftg-1414' target='_blank' class=' tile-inner  ftg-lightbox' href='https:\/\/www.blog.aphaena.com\/wordpress\/wp-content\/uploads\/2021\/12\/XB8_1736-684x1024.jpg' >\n<img alt='Photographe et vid\u00e9aste dans le monde maritime.' class='item skip-lazy' data-class='item' data-ftg-source='https:\/\/www.blog.aphaena.com\/wordpress\/wp-content\/uploads\/2021\/12\/XB8_1736-684x1024.jpg' src='https:\/\/www.blog.aphaena.com\/wordpress\/wp-content\/uploads\/2021\/12\/XB8_1736-684x1024.jpg' width='684' height='1024' \/>\n\t<span class='icon fa fa-search-plus'><\/span>\n<div class='caption-block'>\n\t<div class='text-wrapper'>\n<span class='title'>Photographe et vid\u00e9aste dans le monde maritime.<\/span>\n\t<\/div>\n<\/div>\n<\/a>\n<div class='ftg-social'>\n<\/div>\n<\/div>\n<div  class='tile ftg-preload  '>\n<a title=\"Photo Vid\u00e9o pour le Projet Artistique de Karine Fougeray et Marina Montoya &quot;Une Rance \u00e0 Soi&quot;. Le destin d&#039;\u00e9trang\u00e8res qui se sont int\u00e9grer dans la r\u00e9gion de Saint Malo.\" data-lightbox='ftg-1414' rel='ftg-1414' target='_blank' class=' tile-inner  ftg-lightbox' href='https:\/\/www.blog.aphaena.com\/wordpress\/wp-content\/uploads\/2024\/09\/img_66d97e497d105-722x1024.png' >\n<img alt='Photo Vid\u00e9o pour le Projet Artistique de Karine Fougeray et Marina Montoya &quot;Une Rance \u00e0 Soi&quot;. Le destin d&#039;\u00e9trang\u00e8res qui se sont int\u00e9grer dans la r\u00e9gion de Saint Malo.' class='item skip-lazy' data-class='item' data-ftg-source='https:\/\/www.blog.aphaena.com\/wordpress\/wp-content\/uploads\/2024\/09\/img_66d97e497d105-722x1024.png' src='https:\/\/www.blog.aphaena.com\/wordpress\/wp-content\/uploads\/2024\/09\/img_66d97e497d105-722x1024.png' width='722' height='1024' \/>\n\t<span class='icon fa fa-search-plus'><\/span>\n<div class='caption-block'>\n\t<div class='text-wrapper'>\n<span class='title'>Photo Vid\u00e9o pour le Projet Artistique de Karine Fougeray et Marina Montoya \"Une Rance \u00e0 Soi\". Le destin d'\u00e9trang\u00e8res qui se sont int\u00e9grer dans la r\u00e9gion de Saint Malo.<\/span>\n\t<\/div>\n<\/div>\n<\/a>\n<div class='ftg-social'>\n<\/div>\n<\/div>\n<\/div>\n<div class='support-text'><a target='_blank' href='https:\/\/www.final-tiles-gallery.com\/wordpress'>Powered by Final Tiles Grid Gallery<\/a><\/div><\/div>\n\n","protected":false},"excerpt":{"rendered":"","protected":false},"author":1,"featured_media":0,"parent":213,"menu_order":0,"comment_status":"open","ping_status":"open","template":"elementor_theme","meta":{"footnotes":""},"class_list":["post-274","page","type-page","status-publish","hentry"],"_links":{"self":[{"href":"https:\/\/www.blog.aphaena.com\/wordpress\/index.php?rest_route=\/wp\/v2\/pages\/274","targetHints":{"allow":["GET"]}}],"collection":[{"href":"https:\/\/www.blog.aphaena.com\/wordpress\/index.php?rest_route=\/wp\/v2\/pages"}],"about":[{"href":"https:\/\/www.blog.aphaena.com\/wordpress\/index.php?rest_route=\/wp\/v2\/types\/page"}],"author":[{"embeddable":true,"href":"https:\/\/www.blog.aphaena.com\/wordpress\/index.php?rest_route=\/wp\/v2\/users\/1"}],"replies":[{"embeddable":true,"href":"https:\/\/www.blog.aphaena.com\/wordpress\/index.php?rest_route=%2Fwp%2Fv2%2Fcomments&post=274"}],"version-history":[{"count":3,"href":"https:\/\/www.blog.aphaena.com\/wordpress\/index.php?rest_route=\/wp\/v2\/pages\/274\/revisions"}],"predecessor-version":[{"id":4788,"href":"https:\/\/www.blog.aphaena.com\/wordpress\/index.php?rest_route=\/wp\/v2\/pages\/274\/revisions\/4788"}],"up":[{"embeddable":true,"href":"https:\/\/www.blog.aphaena.com\/wordpress\/index.php?rest_route=\/wp\/v2\/pages\/213"}],"wp:attachment":[{"href":"https:\/\/www.blog.aphaena.com\/wordpress\/index.php?rest_route=%2Fwp%2Fv2%2Fmedia&parent=274"}],"curies":[{"name":"wp","href":"https:\/\/api.w.org\/{rel}","templated":true}]}}